{"id":5545,"date":"2024-08-09T21:37:40","date_gmt":"2024-08-09T20:37:40","guid":{"rendered":"https:\/\/www.lekaridnes.cz\/?page_id=5545"},"modified":"2024-12-04T13:45:00","modified_gmt":"2024-12-04T12:45:00","slug":"program","status":"publish","type":"page","link":"https:\/\/www.lekaridnes.cz\/index.php\/vzdelavani\/vzdelavani-2024\/kriticke-stavy-v-porodnictvi-2024\/program\/","title":{"rendered":"Program"},"content":{"rendered":"\n<div class=\"wp-block-columns is-layout-flex wp-container-core-columns-is-layout-9d6595d7 wp-block-columns-is-layout-flex\">\n<div class=\"wp-block-column is-layout-flow wp-block-column-is-layout-flow\" style=\"flex-basis:100%\">\n<p><strong>P\u00e1tek 13. prosince 2024 10:00 &#8211; 18:00 hod.<\/strong><\/p>\n\n\n\n<p><strong>Kritick\u00e9 stavy v praxi 2024<\/strong><\/p>\n\n\n\n<p>Praktick\u00e9 workshopy se konaj\u00ed ve star\u00e9 budov\u011b N\u00e1rodn\u00edho muzea v Praze. Vchod pro \u00fa\u010dastn\u00edky je z boku budovy (ulice Vinohradsk\u00e1) a je ozna\u010den jako &#8222;Vchod pro zam\u011bstnance&#8220;.<\/p>\n\n\n\n<p><strong>Sobota 14. prosince 2024<\/strong><\/p>\n\n\n\n<p><strong>P\u0159edb\u011b\u017en\u00fd \u010dasov\u00fd harmonogram programu konference Kritick\u00e9 stavy 2024<\/strong><\/p>\n\n\n\n<figure class=\"wp-block-table\"><table><tbody><tr><td>7:15<\/td><td>Registrace \u00fa\u010dastn\u00edk\u016f<\/td><td><\/td><\/tr><tr><td>8:15<\/td><td>Zah\u00e1jen\u00ed<\/td><td><\/td><\/tr><tr><td><\/td><td><strong>I.BLOK<\/strong><\/td><td><\/td><\/tr><tr><td><\/td><td><strong>MATE\u0158SK\u00c1 A PERINAT\u00c1LN\u00cd MORTALITA<\/strong><\/td><td><\/td><\/tr><tr><td>8:35<\/td><td>Elektronick\u00fd sb\u011br dat v \u010desk\u00e9 perinatologii<\/td><td>Pa\u0159\u00edzek A., Du\u0161ek L., Kacerovsk\u00fd M., Lubu\u0161k\u00fd M., Jank\u016f P., J\u00edrov\u00e1 J.<\/td><\/tr><tr><td><\/td><td>Diskuze<\/td><td><\/td><\/tr><tr><td><\/td><td><strong><strong>II.BLOK<\/strong><\/strong><\/td><td><\/td><\/tr><tr><td><\/td><td><strong>P\u0158ED\u010cASN\u00dd POROD<\/strong><\/td><td><\/td><\/tr><tr><td>9:00<\/td><td>Infekce v t\u011bhotenstv\u00ed ohro\u017euj\u00edc\u00ed novorozence<\/td><td>MUDr. Petr \u0160vihovec<\/td><\/tr><tr><td>9:10<\/td><td>Antibiotika v t\u011bhotenstv\u00ed a u c\u00edsa\u0159sk\u00e9ho \u0159ezu<\/td><td>MUDr. V\u00e1clava Ad\u00e1mkov\u00e1, Ph.D.<\/td><\/tr><tr><td>9:20<\/td><td>Antibiotika u p\u0159ed\u010dasn\u00e9ho porodu<\/td><td>prof. MUDr. Marian Kacerovsk\u00fd, Ph.D.<\/td><\/tr><tr><td>9:30<\/td><td>L\u00e9kov\u00e9 interakce v perinat\u00e1ln\u00ed farmakologii<\/td><td>PharmDr. Josef Suchop\u00e1r<\/td><\/tr><tr><td><\/td><td>Diskuze<\/td><td><\/td><\/tr><tr><td>10:00<\/td><td><strong>K\u00e1va<\/strong><\/td><td><\/td><\/tr><tr><td><\/td><td><strong>III.BLOK<\/strong><\/td><td><\/td><\/tr><tr><td><\/td><td><strong>INTERN\u00cd CHOROBY V T\u011aHOTENSTV\u00cd<\/strong><\/td><td><\/td><\/tr><tr><td>10:30<\/td><td>Diabetes mellitus v t\u011bhotenstv\u00ed<\/td><td>MUDr. Kate\u0159ina Anderlov\u00e1, Ph.D., MUDr. Hana Krej\u010d\u00ed, Ph.D., prof. MUDr. Anton\u00edn Pa\u0159\u00edzek, CSc.<\/td><\/tr><tr><td>10:40<\/td><td>Preeklampsie &#8211; aktu\u00e1ln\u011b pro praxi<\/td><td>MUDr. Zuzana Kokrdov\u00e1, Ph.D.<\/td><\/tr><tr><td>10:50<\/td><td>Hepatopatie v t\u011bhotenstv\u00ed<\/td><td>MUDr. Pavel Trune\u010dka, CSc.<\/td><\/tr><tr><td>11:00<\/td><td>Peripart\u00e1ln\u00ed kardiomyopatie &#8211; sou\u010dasn\u00fd pohled<\/td><td>doc. MUDr. Petr Kuchynka, Ph.D.<\/td><\/tr><tr><td><\/td><td>Diskuze<\/td><td><\/td><\/tr><tr><td><\/td><td><strong>Kazuistiky I. &#8211; poprv\u00e9 unik\u00e1tn\u011b s NEDOKLUBKO<\/strong><\/td><td><\/td><\/tr><tr><td>11:30<\/td><td>Preeklampsie d\u0159\u00edve a dnes<\/td><td>\u0158eho\u0159ov\u00e1 M., Kacerovsk\u00e1 Musilov\u00e1 I., Kacerovsk\u00fd M, Pa\u0159\u00edzek A.<\/td><\/tr><tr><td>12:30<\/td><td><strong>Ob\u011bd<\/strong><\/td><td><\/td><\/tr><tr><td><\/td><td><strong>IV.BLOK<\/strong><\/td><td><\/td><\/tr><tr><td><\/td><td><strong>PLOD JAKO PACIENT<\/strong><\/td><td><\/td><\/tr><tr><td>13:30<\/td><td>FGR &#8211; kdy ukon\u010dit t\u011bhotenstv\u00ed?<\/td><td>prof. MUDr. Ladislav Krofta, CSc., MBA<\/td><\/tr><tr><td>13:40<\/td><td>Dystokie ram\u00e9nek plodu<\/td><td>prof. MUDr. Jozef Z\u00e1humensk\u00fd, Ph.D<\/td><\/tr><tr><td>14:50<\/td><td>Dom\u00e1c\u00ed porod z pohledu porodn\u00edka<\/td><td>MUDr. Petr K\u0159epelka, Ph.D.<\/td><\/tr><tr><td>14:00<\/td><td>Resuscitace novorozence<\/td><td>MUDr. Milena Dokoupilov\u00e1<\/td><\/tr><tr><td><\/td><td>Diskuze<\/td><td><\/td><\/tr><tr><td><\/td><td><strong>V.BLOK<\/strong><\/td><td><\/td><\/tr><tr><td><\/td><td><strong>PERIPART\u00c1LN\u00cd \u017dIVOT OHRO\u017dUJ\u00cdC\u00cd KRV\u00c1CEN\u00cd<\/strong><\/td><td><\/td><\/tr><tr><td>14:30<\/td><td>Co je to vlastn\u011b P\u017dOK?<\/td><td>doc. MUDr. Jan Bl\u00e1ha, Ph.D., MHA, LL.M<\/td><\/tr><tr><td>14:40<\/td><td>Peripart\u00e1ln\u00ed krv\u00e1cen\u00ed &#8211; novinky<\/td><td>prof. MUDr. Anton\u00edn Pa\u0159\u00edzek, CSc.<\/td><\/tr><tr><td>14:50<\/td><td>Placenta accreta spectrum &#8211; z\u00e1klady ultrazvukov\u00e9ho screeningu<\/td><td>MUDr. Petra Hanul\u00edkov\u00e1, Ph.D.<\/td><\/tr><tr><td>15:00<\/td><td>Placenta accreta spectrum &#8211; role interven\u010dn\u00ed radiologie<\/td><td>doc. MUDr. V\u00e1clav Proch\u00e1zka, Ph.D., MBA<\/td><\/tr><tr><td><\/td><td>Diskuze<\/td><td><\/td><\/tr><tr><td>15:30<\/td><td><strong>K\u00e1va<\/strong><\/td><td><\/td><\/tr><tr><td><\/td><td><strong>VI.BLOK<\/strong><\/td><td><\/td><\/tr><tr><td><\/td><td><strong>EMBOLIE A DAL\u0160\u00cd T\u00c9MATA<\/strong><\/td><td><\/td><\/tr><tr><td>16:10<\/td><td>Myokarditida a t\u011bhotenstv\u00ed<\/td><td>doc. MUDr. Petr Kuchynka, Ph.D.<\/td><\/tr><tr><td>16:20<\/td><td>Trombembolick\u00e1 nemoc \u2013 prevence<\/td><td>doc. MUDr. Tom\u00e1\u0161 Kvasni\u010dka, Ph.D.<\/td><\/tr><tr><td>16:30<\/td><td>Trombotick\u00e9 mikroangiopatie a t\u011bhotenstv\u00ed<\/td><td>MUDr. Jarom\u00edr Gumulec<\/td><\/tr><tr><td>16:40<\/td><td>Embolie plodovou vodou &#8211; novinky<\/td><td>prof. MUDr. Anton\u00edn Pa\u0159\u00edzek, CSc.<\/td><\/tr><tr><td>16:50<\/td><td>Kardiopulmon\u00e1rn\u00ed resuscitace v porodnictv\u00ed<\/td><td>MUDr. Adam Novotn\u00fd<\/td><\/tr><tr><td><\/td><td>Diskuze<\/td><td><\/td><\/tr><tr><td><\/td><td><strong>Kazuistiky II.<\/strong><\/td><td><\/td><\/tr><tr><td>17:10<\/td><td>Hodgkin\u016fv lymfom v t\u011bhotenstv\u00ed<\/td><td>\u010cukov\u00e1 J.<\/td><\/tr><tr><td>17:20<\/td><td>T\u011bhotenstv\u00ed u \u017eeny poopera\u010dn\u00ed ankyl\u00f3zou \u010delistn\u00edho kloubu<\/td><td>P\u0161eni\u010dkov\u00e1 A.<\/td><\/tr><tr><td>17:30<\/td><td>Dom\u00e1c\u00ed porod a \u00famrt\u00ed rodi\u010dky<\/td><td>Klimovi\u010d A.<\/td><\/tr><tr><td>17:40<\/td><td>Z\u00e1va\u017en\u00fd hyperstimula\u010dn\u00ed syndrom s p\u0159ekvapen\u00edm<\/td><td>Seidlov\u00e1 D.<\/td><\/tr><tr><td>18:00<\/td><td><strong>Z\u00e1v\u011br<\/strong><\/td><td><\/td><\/tr><\/tbody><\/table><\/figure>\n<\/div>\n<\/div>\n\n\n\n<p><\/p>\n\n\n\n<p><\/p>\n","protected":false},"excerpt":{"rendered":"<p>P\u00e1tek 13. prosince 2024 10:00 &#8211; 18:00 hod. Kritick\u00e9 stavy v praxi 2024 Praktick\u00e9 workshopy se konaj\u00ed ve star\u00e9 budov\u011b N\u00e1rodn\u00edho muzea v Praze. Vchod pro \u00fa\u010dastn\u00edky je z boku budovy (ulice Vinohradsk\u00e1) a je ozna\u010den jako &#8222;Vchod pro zam\u011bstnance&#8220;.<\/p>\n","protected":false},"author":4,"featured_media":0,"parent":5537,"menu_order":4,"comment_status":"closed","ping_status":"closed","template":"","meta":{"footnotes":""},"class_list":["post-5545","page","type-page","status-publish","hentry","","tg-column-two"],"_links":{"self":[{"href":"https:\/\/www.lekaridnes.cz\/index.php\/wp-json\/wp\/v2\/pages\/5545","targetHints":{"allow":["GET"]}}],"collection":[{"href":"https:\/\/www.lekaridnes.cz\/index.php\/wp-json\/wp\/v2\/pages"}],"about":[{"href":"https:\/\/www.lekaridnes.cz\/index.php\/wp-json\/wp\/v2\/types\/page"}],"author":[{"embeddable":true,"href":"https:\/\/www.lekaridnes.cz\/index.php\/wp-json\/wp\/v2\/users\/4"}],"replies":[{"embeddable":true,"href":"https:\/\/www.lekaridnes.cz\/index.php\/wp-json\/wp\/v2\/comments?post=5545"}],"version-history":[{"count":18,"href":"https:\/\/www.lekaridnes.cz\/index.php\/wp-json\/wp\/v2\/pages\/5545\/revisions"}],"predecessor-version":[{"id":6014,"href":"https:\/\/www.lekaridnes.cz\/index.php\/wp-json\/wp\/v2\/pages\/5545\/revisions\/6014"}],"up":[{"embeddable":true,"href":"https:\/\/www.lekaridnes.cz\/index.php\/wp-json\/wp\/v2\/pages\/5537"}],"wp:attachment":[{"href":"https:\/\/www.lekaridnes.cz\/index.php\/wp-json\/wp\/v2\/media?parent=5545"}],"curies":[{"name":"wp","href":"https:\/\/api.w.org\/{rel}","templated":true}]}}